{"id":920,"date":"2024-12-19T07:38:20","date_gmt":"2024-12-19T07:38:20","guid":{"rendered":"http:\/\/fundacja-harmonia.pl\/?page_id=920"},"modified":"2024-12-23T12:41:21","modified_gmt":"2024-12-23T12:41:21","slug":"gloskow24","status":"publish","type":"page","link":"http:\/\/fundacja-harmonia.pl\/?page_id=920","title":{"rendered":"Gloskow24"},"content":{"rendered":"\t\t<div data-elementor-type=\"wp-page\" data-elementor-id=\"920\" class=\"elementor elementor-920\" data-elementor-settings=\"{&quot;ha_cmc_init_switcher&quot;:&quot;no&quot;}\">\n\t\t\t\t<div class=\"elementor-element elementor-element-a6359bb e-flex e-con-boxed e-con e-parent\" data-id=\"a6359bb\" data-element_type=\"container\" data-e-type=\"container\" data-settings=\"{&quot;background_background&quot;:&quot;classic&quot;,&quot;_ha_eqh_enable&quot;:false}\">\n\t\t\t\t\t<div class=\"e-con-inner\">\n\t\t<div class=\"elementor-element elementor-element-ae0f792 e-con-full e-flex e-con e-child\" data-id=\"ae0f792\" data-element_type=\"container\" data-e-type=\"container\" data-settings=\"{&quot;_ha_eqh_enable&quot;:false}\">\n\t\t\t\t<div class=\"elementor-element elementor-element-49826e8 elementor-widget elementor-widget-heading\" data-id=\"49826e8\" data-element_type=\"widget\" data-e-type=\"widget\" data-widget_type=\"heading.default\">\n\t\t\t\t<div class=\"elementor-widget-container\">\n\t\t\t\t\t<h2 class=\"elementor-heading-title elementor-size-default\">FUNDACJA<\/h2>\t\t\t\t<\/div>\n\t\t\t\t<\/div>\n\t\t\t\t<\/div>\n\t\t<div class=\"elementor-element elementor-element-2267918 e-con-full e-flex e-con e-child\" data-id=\"2267918\" data-element_type=\"container\" data-e-type=\"container\" data-settings=\"{&quot;_ha_eqh_enable&quot;:false}\">\n\t\t\t\t<div class=\"elementor-element elementor-element-b89ff9a elementor-widget elementor-widget-heading\" data-id=\"b89ff9a\" data-element_type=\"widget\" data-e-type=\"widget\" data-widget_type=\"heading.default\">\n\t\t\t\t<div class=\"elementor-widget-container\">\n\t\t\t\t\t<h2 class=\"elementor-heading-title elementor-size-default\">HARMONIA<\/h2>\t\t\t\t<\/div>\n\t\t\t\t<\/div>\n\t\t\t\t<div class=\"elementor-element elementor-element-0da2032 elementor-widget elementor-widget-heading\" data-id=\"0da2032\" data-element_type=\"widget\" data-e-type=\"widget\" data-widget_type=\"heading.default\">\n\t\t\t\t<div class=\"elementor-widget-container\">\n\t\t\t\t\t<h2 class=\"elementor-heading-title elementor-size-default\">Sztuka edukuje, inspiruje, \u0142\u0105czy.<\/h2>\t\t\t\t<\/div>\n\t\t\t\t<\/div>\n\t\t\t\t<div class=\"elementor-element elementor-element-b0f8f00 elementor-widget elementor-widget-heading\" data-id=\"b0f8f00\" data-element_type=\"widget\" data-e-type=\"widget\" data-widget_type=\"heading.default\">\n\t\t\t\t<div class=\"elementor-widget-container\">\n\t\t\t\t\t<h2 class=\"elementor-heading-title elementor-size-default\">Do\u0142\u0105cz do nas i tw\u00f3rz przysz\u0142o\u015b\u0107!<\/h2>\t\t\t\t<\/div>\n\t\t\t\t<\/div>\n\t\t\t\t<\/div>\n\t\t\t\t\t<\/div>\n\t\t\t\t<\/div>\n\t\t<div class=\"elementor-element elementor-element-5b5602c e-flex e-con-boxed e-con e-parent\" data-id=\"5b5602c\" data-element_type=\"container\" data-e-type=\"container\" data-settings=\"{&quot;_ha_eqh_enable&quot;:false}\">\n\t\t\t\t\t<div class=\"e-con-inner\">\n\t\t\t\t<div class=\"elementor-element elementor-element-ab29010 elementor-widget elementor-widget-heading\" data-id=\"ab29010\" data-element_type=\"widget\" data-e-type=\"widget\" data-widget_type=\"heading.default\">\n\t\t\t\t<div class=\"elementor-widget-container\">\n\t\t\t\t\t<h2 class=\"elementor-heading-title elementor-size-default\">Pi\u0119kna Nasza Niepodleg\u0142a - koncert w G\u0142oskowie 10.11 2024 r.<\/h2>\t\t\t\t<\/div>\n\t\t\t\t<\/div>\n\t\t\t\t<div class=\"elementor-element elementor-element-f30622a elementor-widget elementor-widget-text-editor\" data-id=\"f30622a\" data-element_type=\"widget\" data-e-type=\"widget\" data-widget_type=\"text-editor.default\">\n\t\t\t\t<div class=\"elementor-widget-container\">\n\t\t\t\t\t\t\t\t\t<p><strong>Narodowe \u015awi\u0119to Niepodleg\u0142o\u015bci<\/strong> stanowi jedno z najwa\u017cniejszych \u015bwi\u0105t pa\u0144stwowych w Polsce, upami\u0119tniaj\u0105c odzyskanie przez nasz kraj suwerenno\u015bci po 123 latach zabor\u00f3w. By\u0142 to czas naznaczony walk\u0105, cierpieniem oraz wysi\u0142kiem wielu pokole\u0144 Polek i Polak\u00f3w, kt\u00f3rzy nieustannie d\u0105\u017cyli do odzyskania wolno\u015bci.<\/p><p>Cho\u0107 11 listopada 1918 roku stanowi\u0142 symboliczny moment przekazania w\u0142adzy wojskowej J\u00f3zefowi Pi\u0142sudskiemu przez Rad\u0119 Regencyjn\u0105, a tak\u017ce zako\u0144czenia dzia\u0142a\u0144 I wojny \u015bwiatowej, tradycja obchod\u00f3w tego dnia w Polsce jest stosunkowo kr\u00f3tka. Oficjalne obchody \u015awi\u0119ta Niepodleg\u0142o\u015bci wprowadzono dopiero w 1937 roku, na mocy ustawy Sejmu RP. Ustawa ta wskazywa\u0142a, \u017ce dzie\u0144 11 listopada, \u201ejako rocznica odzyskania przez Nar\u00f3d Polski niepodleg\u0142ego bytu pa\u0144stwowego i jako dzie\u0144 po wsze czasy zwi\u0105zany z wielkim imieniem J\u00f3zefa Pi\u0142sudskiego\u201d, powinien by\u0107 obchodzony jako uroczyste \u015bwi\u0119to pa\u0144stwowe.<\/p><p>Pocz\u0105tkowo obchody mia\u0142y g\u0142\u00f3wnie charakter wojskowy. Zmiana nast\u0105pi\u0142a po przewrocie majowym w 1926 roku, kiedy to Pi\u0142sudski ustanowi\u0142 11 listopada dniem wolnym od pracy w administracji rz\u0105dowej, a nast\u0119pnie od nauki. W okresie II Rzeczypospolitej \u015awi\u0119to Niepodleg\u0142o\u015bci obchodzono oficjalnie jedynie dwukrotnie \u2013 w 1937 i 1938 roku.<\/p><p>Dzi\u015b Narodowe \u015awi\u0119to Niepodleg\u0142o\u015bci to okazja do wyra\u017cenia wdzi\u0119czno\u015bci wszystkim, kt\u00f3rzy walczyli i gin\u0119li w licznych bataliach o wolno\u015b\u0107 Ojczyzny. Oddajemy ho\u0142d nie tylko \u017co\u0142nierzom, lecz tak\u017ce niez\u0142omnym patriotom, kt\u00f3rzy mimo represji w czasach komunizmu podtrzymywali w Polakach ducha wolno\u015bciowego. Obchodz\u0105c to \u015bwi\u0119to, piel\u0119gnujemy pami\u0119\u0107 o historycznych wydarzeniach, kt\u00f3re ukszta\u0142towa\u0142y nasz\u0105 to\u017csamo\u015b\u0107 narodow\u0105 i umacniamy ide\u0119 patriotyzmu.<\/p>\t\t\t\t\t\t\t\t<\/div>\n\t\t\t\t<\/div>\n\t\t<div class=\"elementor-element elementor-element-0c25729 e-con-full e-flex e-con e-child\" data-id=\"0c25729\" data-element_type=\"container\" data-e-type=\"container\" data-settings=\"{&quot;_ha_eqh_enable&quot;:false}\">\n\t\t\t\t<div class=\"elementor-element elementor-element-a4bdfd6 elementor-widget elementor-widget-shortcode\" data-id=\"a4bdfd6\" data-element_type=\"widget\" data-e-type=\"widget\" data-widget_type=\"shortcode.default\">\n\t\t\t\t<div class=\"elementor-widget-container\">\n\t\t\t\t\t\t\t<div class=\"elementor-shortcode\"><div class=\"lyte-wrapper\" style=\"width:640px;max-width:100%;margin:5px auto;\"><div class=\"lyMe\" id=\"WYL_PvNQEYX9C6g\"><div id=\"lyte_PvNQEYX9C6g\" data-src=\"\/\/i.ytimg.com\/vi\/PvNQEYX9C6g\/hqdefault.jpg\" class=\"pL\"><div class=\"tC\"><div class=\"tT\"><\/div><\/div><div class=\"play\"><\/div><div class=\"ctrl\"><div class=\"Lctrl\"><\/div><div class=\"Rctrl\"><\/div><\/div><\/div><noscript><a href=\"http:\/\/youtu.be\/PvNQEYX9C6g\" rel=\"nofollow\"><img loading=\"lazy\" decoding=\"async\" src=\"http:\/\/i.ytimg.com\/vi\/PvNQEYX9C6g\/0.jpg\" alt=\"YouTube video thumbnail\" width=\"640\" height=\"340\" \/><br \/>Watch this video on YouTube<\/a><\/noscript><\/div><\/div><div class=\"lL\" style=\"max-width:100%;width:640px;margin:5px auto;\"><\/div><\/div>\n\t\t\t\t\t\t<\/div>\n\t\t\t\t<\/div>\n\t\t\t\t<\/div>\n\t\t\t\t\t<\/div>\n\t\t\t\t<\/div>\n\t\t<div class=\"elementor-element elementor-element-b9fdc83 e-flex e-con-boxed e-con e-parent\" data-id=\"b9fdc83\" data-element_type=\"container\" data-e-type=\"container\" data-settings=\"{&quot;_ha_eqh_enable&quot;:false}\">\n\t\t\t\t\t<div class=\"e-con-inner\">\n\t\t\t\t<div class=\"elementor-element elementor-element-97b8559 elementor-widget elementor-widget-eael-creative-button\" data-id=\"97b8559\" data-element_type=\"widget\" data-e-type=\"widget\" data-widget_type=\"eael-creative-button.default\">\n\t\t\t\t<div class=\"elementor-widget-container\">\n\t\t\t\t\t        <div class=\"eael-creative-button-wrapper\">\n\n            <a class=\"eael-creative-button eael-creative-button--tamaya eael-cb-icon-position-\" href=\"http:\/\/fundacja-harmonia.pl\/wp-content\/uploads\/2024\/12\/Program-Koncertu-Piekna-Nasza-Niepodlegla-w-Gloskowie.pdf\" data-text=\"Program Koncertu\">\n            \t                <div class=\"eael-creative-button--tamaya-secondary eael-creative-button--tamaya-before\"><span>Program Koncertu<\/span><\/div>\n        \n                <div class=\"creative-button-inner\">\n\n                    \n                    <span class=\"cretive-button-text\">Kliknij aby zobaczy\u0107 program Koncertu<\/span>\n\n                                    <\/div>\n\t                                <div class=\"eael-creative-button--tamaya-secondary eael-creative-button--tamaya-after\"><span>Program Koncertu<\/span><\/div>\n\t                        <\/a>\n        <\/div>\n        \t\t\t\t<\/div>\n\t\t\t\t<\/div>\n\t\t\t\t\t<\/div>\n\t\t\t\t<\/div>\n\t\t\t\t<\/div>\n\t\t","protected":false},"excerpt":{"rendered":"<p>FUNDACJA HARMONIA Sztuka edukuje, inspiruje, \u0142\u0105czy. Do\u0142\u0105cz do nas i tw\u00f3rz przysz\u0142o\u015b\u0107! Pi\u0119kna Nasza Niepodleg\u0142a &#8211; koncert w G\u0142oskowie 10.11 2024 r. Narodowe \u015awi\u0119to Niepodleg\u0142o\u015bci stanowi jedno z najwa\u017cniejszych \u015bwi\u0105t pa\u0144stwowych w Polsce, upami\u0119tniaj\u0105c odzyskanie przez nasz kraj suwerenno\u015bci po 123 latach zabor\u00f3w. By\u0142 to czas naznaczony walk\u0105, cierpieniem oraz wysi\u0142kiem wielu pokole\u0144 Polek i [&hellip;]<\/p>\n","protected":false},"author":3,"featured_media":0,"parent":0,"menu_order":0,"comment_status":"closed","ping_status":"closed","template":"elementor_canvas","meta":{"footnotes":""},"folder":[9],"class_list":["post-920","page","type-page","status-publish","hentry"],"_links":{"self":[{"href":"http:\/\/fundacja-harmonia.pl\/index.php?rest_route=\/wp\/v2\/pages\/920","targetHints":{"allow":["GET"]}}],"collection":[{"href":"http:\/\/fundacja-harmonia.pl\/index.php?rest_route=\/wp\/v2\/pages"}],"about":[{"href":"http:\/\/fundacja-harmonia.pl\/index.php?rest_route=\/wp\/v2\/types\/page"}],"author":[{"embeddable":true,"href":"http:\/\/fundacja-harmonia.pl\/index.php?rest_route=\/wp\/v2\/users\/3"}],"replies":[{"embeddable":true,"href":"http:\/\/fundacja-harmonia.pl\/index.php?rest_route=%2Fwp%2Fv2%2Fcomments&post=920"}],"version-history":[{"count":40,"href":"http:\/\/fundacja-harmonia.pl\/index.php?rest_route=\/wp\/v2\/pages\/920\/revisions"}],"predecessor-version":[{"id":1004,"href":"http:\/\/fundacja-harmonia.pl\/index.php?rest_route=\/wp\/v2\/pages\/920\/revisions\/1004"}],"wp:attachment":[{"href":"http:\/\/fundacja-harmonia.pl\/index.php?rest_route=%2Fwp%2Fv2%2Fmedia&parent=920"}],"wp:term":[{"taxonomy":"folder","embeddable":true,"href":"http:\/\/fundacja-harmonia.pl\/index.php?rest_route=%2Fwp%2Fv2%2Ffolder&post=920"}],"curies":[{"name":"wp","href":"https:\/\/api.w.org\/{rel}","templated":true}]}}