{"id":860,"date":"2024-12-02T07:47:25","date_gmt":"2024-12-02T07:47:25","guid":{"rendered":"http:\/\/fundacja-harmonia.pl\/?page_id=860"},"modified":"2026-01-15T17:48:19","modified_gmt":"2026-01-15T17:48:19","slug":"15-2","status":"publish","type":"page","link":"http:\/\/fundacja-harmonia.pl\/?page_id=860","title":{"rendered":"1,5%"},"content":{"rendered":"\t\t<div data-elementor-type=\"wp-page\" data-elementor-id=\"860\" class=\"elementor elementor-860\" data-elementor-settings=\"{&quot;ha_cmc_init_switcher&quot;:&quot;no&quot;}\">\n\t\t\t\t<div class=\"elementor-element elementor-element-d50d046 e-flex e-con-boxed e-con e-parent\" data-id=\"d50d046\" data-element_type=\"container\" data-e-type=\"container\" data-settings=\"{&quot;background_background&quot;:&quot;classic&quot;,&quot;_ha_eqh_enable&quot;:false}\">\n\t\t\t\t\t<div class=\"e-con-inner\">\n\t\t<div class=\"elementor-element elementor-element-96d29e8 e-con-full e-flex e-con e-child\" data-id=\"96d29e8\" data-element_type=\"container\" data-e-type=\"container\" data-settings=\"{&quot;_ha_eqh_enable&quot;:false}\">\n\t\t\t\t<div class=\"elementor-element elementor-element-9f20e7b elementor-widget elementor-widget-heading\" data-id=\"9f20e7b\" data-element_type=\"widget\" data-e-type=\"widget\" data-widget_type=\"heading.default\">\n\t\t\t\t<div class=\"elementor-widget-container\">\n\t\t\t\t\t<h2 class=\"elementor-heading-title elementor-size-default\">FUNDACJA<\/h2>\t\t\t\t<\/div>\n\t\t\t\t<\/div>\n\t\t\t\t<\/div>\n\t\t<div class=\"elementor-element elementor-element-3f6a546 e-con-full e-flex e-con e-child\" data-id=\"3f6a546\" data-element_type=\"container\" data-e-type=\"container\" data-settings=\"{&quot;_ha_eqh_enable&quot;:false}\">\n\t\t\t\t<div class=\"elementor-element elementor-element-5c3623f elementor-widget elementor-widget-heading\" data-id=\"5c3623f\" data-element_type=\"widget\" data-e-type=\"widget\" data-widget_type=\"heading.default\">\n\t\t\t\t<div class=\"elementor-widget-container\">\n\t\t\t\t\t<h2 class=\"elementor-heading-title elementor-size-default\">HARMONIA<\/h2>\t\t\t\t<\/div>\n\t\t\t\t<\/div>\n\t\t\t\t<div class=\"elementor-element elementor-element-13dd60e elementor-widget elementor-widget-heading\" data-id=\"13dd60e\" data-element_type=\"widget\" data-e-type=\"widget\" data-widget_type=\"heading.default\">\n\t\t\t\t<div class=\"elementor-widget-container\">\n\t\t\t\t\t<h2 class=\"elementor-heading-title elementor-size-default\">Sztuka edukuje, inspiruje, \u0142\u0105czy.<\/h2>\t\t\t\t<\/div>\n\t\t\t\t<\/div>\n\t\t\t\t<div class=\"elementor-element elementor-element-47c4941 elementor-widget elementor-widget-heading\" data-id=\"47c4941\" data-element_type=\"widget\" data-e-type=\"widget\" data-widget_type=\"heading.default\">\n\t\t\t\t<div class=\"elementor-widget-container\">\n\t\t\t\t\t<h2 class=\"elementor-heading-title elementor-size-default\">Do\u0142\u0105cz do nas i tw\u00f3rz przysz\u0142o\u015b\u0107!<\/h2>\t\t\t\t<\/div>\n\t\t\t\t<\/div>\n\t\t\t\t<\/div>\n\t\t\t\t\t<\/div>\n\t\t\t\t<\/div>\n\t\t<div class=\"elementor-element elementor-element-2a8f732 e-flex e-con-boxed e-con e-parent\" data-id=\"2a8f732\" data-element_type=\"container\" data-e-type=\"container\" data-settings=\"{&quot;_ha_eqh_enable&quot;:false}\">\n\t\t\t\t\t<div class=\"e-con-inner\">\n\t\t\t\t<div class=\"elementor-element elementor-element-7082716 elementor-widget elementor-widget-text-editor\" data-id=\"7082716\" data-element_type=\"widget\" data-e-type=\"widget\" data-widget_type=\"text-editor.default\">\n\t\t\t\t<div class=\"elementor-widget-container\">\n\t\t\t\t\t\t\t\t\t<p><strong>Szanowni Pa\u0144stwo<\/strong>,<\/p><p>Muzyka jest uniwersalnym j\u0119zykiem, kt\u00f3ry \u0142\u0105czy pokolenia, budzi emocje i wzmacnia poczucie wsp\u00f3lnoty. Stanowi narz\u0119dzie wyra\u017cania siebie, inspiracji dla innych oraz piel\u0119gnowania naszego dziedzictwa kulturowego. Z tego w\u0142a\u015bnie powodu Fundacja Muzyczna Harmonia im. Gra\u017cyny Bacewicz z zaanga\u017cowaniem wspiera m\u0142ode talenty oraz promuje tw\u00f3rczo\u015b\u0107 polskich kompozytor\u00f3w.<\/p><p>Nasza fundacja podejmuje szereg dzia\u0142a\u0144, kt\u00f3re maj\u0105 na celu rozw\u00f3j edukacji muzycznej i promocj\u0119 m\u0142odych artyst\u00f3w:<\/p><ol><li>Organizacja koncert\u00f3w i warsztat\u00f3w<br \/>Wspieramy szko\u0142y muzyczne przy realizacji wyst\u0119p\u00f3w uczni\u00f3w, recitali oraz warsztat\u00f3w mistrzowskich prowadzonych przez uznanych artyst\u00f3w.<\/li><li>Wsparcie stypendialne<br \/>Przyznajemy stypendia uzdolnionym m\u0142odym muzykom, umo\u017cliwiaj\u0105c im rozwijanie talentu i realizowanie muzycznych aspiracji.<\/li><li>Promowanie m\u0142odych talent\u00f3w<br \/>Fundacja anga\u017cuje si\u0119 w organizacj\u0119 konkurs\u00f3w muzycznych oraz wspiera uczni\u00f3w w ich wyst\u0119pach w innych instytucjach artystycznych, pomagaj\u0105c im dotrze\u0107 do szerszego grona odbiorc\u00f3w.<\/li><li>Dzia\u0142ania edukacyjne<br \/>Inicjujemy i realizujemy projekty edukacyjne, takie jak tematyczne lekcje po\u015bwi\u0119cone muzyce wsp\u00f3\u0142czesnej czy tw\u00f3rczo\u015bci wybitnych polskich kompozytor\u00f3w, w tym Gra\u017cyny Bacewicz.<\/li><li>Projekty artystyczne<br \/>Wsp\u00f3lnie ze szko\u0142ami muzycznymi tworzymy inicjatywy \u0142\u0105cz\u0105ce praktyk\u0119 muzyczn\u0105 z teori\u0105, rozwijaj\u0105c wszechstronnie umiej\u0119tno\u015bci uczni\u00f3w.<\/li><\/ol><p>Te wszystkie dzia\u0142ania nie by\u0142yby mo\u017cliwe bez Pa\u0144stwa wsparcia. Zach\u0119camy do przekazania 1,5% podatku na rzecz naszej fundacji. To drobny gest, kt\u00f3ry nie wi\u0105\u017ce si\u0119 z dodatkowymi kosztami, a przynosi ogromne korzy\u015bci. Dzi\u0119ki Pa\u0144stwa zaanga\u017cowaniu mo\u017cemy:<\/p><ul><li>Organizowa\u0107 warsztaty rozwijaj\u0105ce pasj\u0119 i umiej\u0119tno\u015bci m\u0142odych muzyk\u00f3w,<\/li><li>Stwarza\u0107 przestrze\u0144 koncertow\u0105 dla debiut\u00f3w m\u0142odych artyst\u00f3w,<\/li><li>Piel\u0119gnowa\u0107 pami\u0119\u0107 o Gra\u017cynie Bacewicz i innych wybitnych polskich tw\u00f3rcach, inspiruj\u0105c kolejne pokolenia.<\/li><\/ul><p>Fundacja Harmonia im. Gra\u017cyny Bacewicz aktywnie wsp\u00f3\u0142pracuje z r\u00f3\u017cnymi szko\u0142ami muzycznymi w Polsce, realizuj\u0105c szereg inicjatyw wspieranych ze \u015brodk\u00f3w pochodz\u0105cych z 1,5% podatku. G\u0142\u00f3wnym celem tej wsp\u00f3\u0142pracy jest wspieranie m\u0142odych talent\u00f3w muzycznych oraz rozwijanie edukacji i kultury muzycznej. Wsp\u00f3lne dzia\u0142ania przynosz\u0105 korzy\u015bci zar\u00f3wno uczniom, nauczycielom, jak i ca\u0142emu \u015brodowisku artystycznemu.<\/p>\t\t\t\t\t\t\t\t<\/div>\n\t\t\t\t<\/div>\n\t\t<div class=\"elementor-element elementor-element-3afa1b4 e-con-full e-flex e-con e-child\" data-id=\"3afa1b4\" data-element_type=\"container\" data-e-type=\"container\" data-settings=\"{&quot;_ha_eqh_enable&quot;:false}\">\n\t\t\t\t<div class=\"elementor-element elementor-element-edef24d elementor-widget elementor-widget-heading\" data-id=\"edef24d\" data-element_type=\"widget\" data-e-type=\"widget\" data-widget_type=\"heading.default\">\n\t\t\t\t<div class=\"elementor-widget-container\">\n\t\t\t\t\t<h2 class=\"elementor-heading-title elementor-size-default\">W 2026 roku rozliczenie 1,5% podatku na rzecz plac\u00f3wek wsp\u00f3\u0142pracuj\u0105cych z Fundacj\u0105 \u201eHarmonia\u201d odbywa si\u0119 za po\u015brednictwem Fundacji Nauki i Wychowania<\/h2>\t\t\t\t<\/div>\n\t\t\t\t<\/div>\n\t\t\t\t<div class=\"elementor-element elementor-element-b84b93a elementor-widget elementor-widget-text-editor\" data-id=\"b84b93a\" data-element_type=\"widget\" data-e-type=\"widget\" data-widget_type=\"text-editor.default\">\n\t\t\t\t<div class=\"elementor-widget-container\">\n\t\t\t\t\t\t\t\t\t<h3>Dane do rozliczenia 1,5% podatku<\/h3><p><strong>Fundacja Nauki i Wychowania<\/strong><\/p><p><br \/><strong>KRS:<\/strong>\u00a0<b>0000070179<\/b><\/p><p><b>NR konta 93102033780000110201068600<\/b><\/p><p><b>NIP 728-23-77-445<\/b><\/p><p>W zeznaniu podatkowym nale\u017cy wpisa\u0107 w rubryce\u00a0<strong>\u201eCel szczeg\u00f3\u0142owy\u201d<\/strong>\u00a0nazw\u0119 szko\u0142y oraz w\u0142a\u015bciwy kod szko\u0142y wskazany w poni\u017cszym wykazie.<\/p>\t\t\t\t\t\t\t\t<\/div>\n\t\t\t\t<\/div>\n\t\t\t\t<\/div>\n\t\t<div class=\"elementor-element elementor-element-dddb46c e-grid e-con-full e-con e-child\" data-id=\"dddb46c\" data-element_type=\"container\" data-e-type=\"container\" data-settings=\"{&quot;_ha_eqh_enable&quot;:false}\">\n\t\t<div class=\"elementor-element elementor-element-d52c92a e-con-full e-flex e-con e-child\" data-id=\"d52c92a\" data-element_type=\"container\" data-e-type=\"container\" data-settings=\"{&quot;_ha_eqh_enable&quot;:false}\">\n\t\t\t\t<div class=\"elementor-element elementor-element-372de4d elementor-widget elementor-widget-text-editor\" data-id=\"372de4d\" data-element_type=\"widget\" data-e-type=\"widget\" data-widget_type=\"text-editor.default\">\n\t\t\t\t<div class=\"elementor-widget-container\">\n\t\t\t\t\t\t\t\t\t<div><b>Szko\u0142a Podstawowa nr 9 <br \/>im. W\u0142adys\u0142awa Jagie\u0142\u0142y\u00a0<\/b><\/div><div>adres: ul. W\u0142adys\u0142awa Jagie\u0142\u0142y 6<\/div><div>99-301 Kutno\u00a0<\/div><div>telefon; 24 253-63-68\u00a0<\/div><div><a href=\"mailto:sp9@edu.kutno.pl\" target=\"_blank\" rel=\"noopener noreferrer\">sp9@edu.kutno.pl<\/a><\/div><div><b><u>kod szko\u0142y: Kutno SP9\u00a0<\/u><\/b><\/div>\t\t\t\t\t\t\t\t<\/div>\n\t\t\t\t<\/div>\n\t\t\t\t<\/div>\n\t\t<div class=\"elementor-element elementor-element-2d732b1 e-con-full e-flex e-con e-child\" data-id=\"2d732b1\" data-element_type=\"container\" data-e-type=\"container\" data-settings=\"{&quot;_ha_eqh_enable&quot;:false}\">\n\t\t\t\t<div class=\"elementor-element elementor-element-ef83bba elementor-widget elementor-widget-text-editor\" data-id=\"ef83bba\" data-element_type=\"widget\" data-e-type=\"widget\" data-widget_type=\"text-editor.default\">\n\t\t\t\t<div class=\"elementor-widget-container\">\n\t\t\t\t\t\t\t\t\t<div><b>Pa\u0144stwowa Szko\u0142a Muzyczna\u00a0 I stopnia nr 4 im. Karola Kurpi\u0144skiego\u00a0<\/b><\/div><div>adres<b>: ul.\u00a0<\/b>Wiktorska 73<\/div><div><b>0<\/b>2-583 Warszawa\u00a0<\/div><div>telefon: 22 84-44-654\u00a0<\/div><div><a href=\"mailto:sekretariat@kurpinski.edu.pl\" target=\"_blank\" rel=\"noopener noreferrer\">sekretariat@kurpinski.edu.pl<\/a>\u00a0<\/div><div><b><u>kod szko\u0142y: N-13<\/u><\/b><\/div>\t\t\t\t\t\t\t\t<\/div>\n\t\t\t\t<\/div>\n\t\t\t\t<\/div>\n\t\t<div class=\"elementor-element elementor-element-d8c1f75 e-con-full e-flex e-con e-child\" data-id=\"d8c1f75\" data-element_type=\"container\" data-e-type=\"container\" data-settings=\"{&quot;_ha_eqh_enable&quot;:false}\">\n\t\t\t\t<div class=\"elementor-element elementor-element-13d844d elementor-widget elementor-widget-text-editor\" data-id=\"13d844d\" data-element_type=\"widget\" data-e-type=\"widget\" data-widget_type=\"text-editor.default\">\n\t\t\t\t<div class=\"elementor-widget-container\">\n\t\t\t\t\t\t\t\t\t<div><b>Pa\u0144stwowa Szko\u0142a Muzyczna I stopnia nr.3 <br \/>im. J. Zar\u0119bskiego\u00a0<\/b><\/div><div>adres: ul. Grochowska 64<\/div><div>04-301 Warszawa\u00a0<\/div><div>telefon: 22 6106106<\/div><div><a href=\"mailto:psm1stnr3@wp.pl\" target=\"_blank\" rel=\"noopener noreferrer\">psm1stnr3@wp.pl<\/a><\/div><div><b><u>kod szko\u0142y: Warszawa10<\/u><\/b><\/div>\t\t\t\t\t\t\t\t<\/div>\n\t\t\t\t<\/div>\n\t\t\t\t<\/div>\n\t\t<div class=\"elementor-element elementor-element-e12ce83 e-con-full e-flex e-con e-child\" data-id=\"e12ce83\" data-element_type=\"container\" data-e-type=\"container\" data-settings=\"{&quot;_ha_eqh_enable&quot;:false}\">\n\t\t\t\t<div class=\"elementor-element elementor-element-474df69 elementor-widget elementor-widget-text-editor\" data-id=\"474df69\" data-element_type=\"widget\" data-e-type=\"widget\" data-widget_type=\"text-editor.default\">\n\t\t\t\t<div class=\"elementor-widget-container\">\n\t\t\t\t\t\t\t\t\t<div>Z<b>esp\u00f3\u0142 Pa\u0144stwowych Og\u00f3lnokszta\u0142c\u0105cych Szk\u00f3\u0142 Muzycznych im. K. Szymanowskiego\u00a0<\/b>\u00a0<\/div><div>adres: ul. Krasi\u0144skiego 1\u00a0<\/div><div>01-530 Warszawa\u00a0<\/div><div>telefon 22 839 1878\u00a0<\/div><div><a href=\"mailto:sekretariat@szymanowski.edu.pl\" target=\"_blank\" rel=\"noopener noreferrer\">sekretariat@szymanowski.edu.pl<\/a><\/div><div><b><u>kod szko\u0142y: ZPSM1<\/u><\/b><\/div>\t\t\t\t\t\t\t\t<\/div>\n\t\t\t\t<\/div>\n\t\t\t\t<\/div>\n\t\t<div class=\"elementor-element elementor-element-9ab5268 e-con-full e-flex e-con e-child\" data-id=\"9ab5268\" data-element_type=\"container\" data-e-type=\"container\" data-settings=\"{&quot;_ha_eqh_enable&quot;:false}\">\n\t\t\t\t<div class=\"elementor-element elementor-element-5bfa9ab elementor-widget elementor-widget-text-editor\" data-id=\"5bfa9ab\" data-element_type=\"widget\" data-e-type=\"widget\" data-widget_type=\"text-editor.default\">\n\t\t\t\t<div class=\"elementor-widget-container\">\n\t\t\t\t\t\t\t\t\t<div><b>Zesp\u00f3\u0142 Pa\u0144stwowych Og\u00f3lnokszta\u0142c\u0105cych Szk\u00f3l Muzycznych I i II st. nr 1\u00a0<\/b><\/div><div>adres: ul. Rakowiecka 21\u00a0<\/div><div>02-517 Warszawa\u00a0<\/div><div>telefon: 22 831 16 23\u00a0<\/div><div><a href=\"mailto:kancelaria@miodowa.edu.pl\" target=\"_blank\" rel=\"noopener noreferrer\">kancelaria@miodowa.edu.pl<\/a><\/div><div><u><b>kod szko\u0142y: ZPSM 11\u00a0<\/b><\/u><\/div>\t\t\t\t\t\t\t\t<\/div>\n\t\t\t\t<\/div>\n\t\t\t\t<\/div>\n\t\t<div class=\"elementor-element elementor-element-26eb4e6 e-con-full e-flex e-con e-child\" data-id=\"26eb4e6\" data-element_type=\"container\" data-e-type=\"container\" data-settings=\"{&quot;_ha_eqh_enable&quot;:false}\">\n\t\t\t\t<div class=\"elementor-element elementor-element-80ec47d elementor-widget elementor-widget-text-editor\" data-id=\"80ec47d\" data-element_type=\"widget\" data-e-type=\"widget\" data-widget_type=\"text-editor.default\">\n\t\t\t\t<div class=\"elementor-widget-container\">\n\t\t\t\t\t\t\t\t\t<div><b>Zesp\u00f3\u0142 Pa\u0144stwowych Og\u00f3lnokszta\u0142c\u0105cych Szk\u00f3\u0142 Muzycznych I i II stopnia nr 3 im. G. Bacewicz<\/b><\/div><div>adres<b>: ul. Tyszkiewicza 42\u00a0<\/b><\/div><div>01-172 Warszawa\u00a0<\/div><div>telefon: 22 63 21 009\u00a0<\/div><div><a href=\"mailto:sekretariat@bacewicz.edu.pl\" target=\"_blank\" rel=\"noopener noreferrer\">sekretariat@bacewicz.edu.pl<\/a>\u00a0<\/div><div><b><u>kod szko\u0142y: G001<\/u><\/b><\/div>\t\t\t\t\t\t\t\t<\/div>\n\t\t\t\t<\/div>\n\t\t\t\t<\/div>\n\t\t<div class=\"elementor-element elementor-element-404835d e-con-full e-flex e-con e-child\" data-id=\"404835d\" data-element_type=\"container\" data-e-type=\"container\" data-settings=\"{&quot;_ha_eqh_enable&quot;:false}\">\n\t\t\t\t<div class=\"elementor-element elementor-element-82e84d2 elementor-widget elementor-widget-text-editor\" data-id=\"82e84d2\" data-element_type=\"widget\" data-e-type=\"widget\" data-widget_type=\"text-editor.default\">\n\t\t\t\t<div class=\"elementor-widget-container\">\n\t\t\t\t\t\t\t\t\t<div><strong>Szko\u0142a Podstawowa im. Papie\u017ca Jana Paw\u0142a II w Blochach<\/strong><\/div><div>ul. Spacerowa 8\u00a0<\/div><div>07-210 D\u0142ugosiod\u0142o\u00a0<\/div><div>psp_blochy@d\u0142ugosiod\u0142o<\/div><div><span style=\"text-decoration: underline;\"><strong>kod Spacerowa8<\/strong><\/span>\u00a0<\/div>\t\t\t\t\t\t\t\t<\/div>\n\t\t\t\t<\/div>\n\t\t\t\t<\/div>\n\t\t<div class=\"elementor-element elementor-element-37e0e86 e-con-full e-flex e-con e-child\" data-id=\"37e0e86\" data-element_type=\"container\" data-e-type=\"container\" data-settings=\"{&quot;_ha_eqh_enable&quot;:false}\">\n\t\t\t\t<div class=\"elementor-element elementor-element-6fede53 elementor-widget elementor-widget-text-editor\" data-id=\"6fede53\" data-element_type=\"widget\" data-e-type=\"widget\" data-widget_type=\"text-editor.default\">\n\t\t\t\t<div class=\"elementor-widget-container\">\n\t\t\t\t\t\t\t\t\t<div><strong>Fundacja im. Karola Kurpi\u0144skiego z siedzib\u0105 w Warszawie<\/strong>\u00a0<\/div><div>ul Kaniowska72\u00a0<\/div><div>01-529 Warszawa<\/div><div>KRS 0000745287<\/div><div>REGON 381037812<\/div><div><span style=\"text-decoration: underline;\"><strong>Kod Fundacja Wiktorska<\/strong><\/span>\u00a0<\/div>\t\t\t\t\t\t\t\t<\/div>\n\t\t\t\t<\/div>\n\t\t\t\t<\/div>\n\t\t\t\t<\/div>\n\t\t\t\t<div class=\"elementor-element elementor-element-1dae5e4 elementor-widget elementor-widget-text-editor\" data-id=\"1dae5e4\" data-element_type=\"widget\" data-e-type=\"widget\" data-widget_type=\"text-editor.default\">\n\t\t\t\t<div class=\"elementor-widget-container\">\n\t\t\t\t\t\t\t\t\t<p>\u015arodki przekazywane przez darczy\u0144c\u00f3w w ramach 1,5% podatku stanowi\u0105 istotne wsparcie dla realizacji powy\u017cszych cel\u00f3w. Dzi\u0119ki nim fundacja mo\u017ce finansowa\u0107 projekty artystyczne, wspiera\u0107 uczni\u00f3w, organizowa\u0107 wydarzenia i promowa\u0107 muzyk\u0119 na szerok\u0105 skal\u0119. Wsp\u00f3\u0142praca Fundacji Harmonia z innymi szko\u0142ami muzycznymi to inwestycja w przysz\u0142o\u015b\u0107 m\u0142odych artyst\u00f3w oraz rozw\u00f3j kultury muzycznej w Polsce.<\/p><p>Dzi\u0119kuj\u0119 za Pa\u0144stwa uwag\u0119, za ka\u017cde wsparcie i za to, \u017ce razem mo\u017cemy zmienia\u0107 \u015bwiat muzyki na lepsze.<\/p><p>Z serdecznymi pozdrowieniami,<br \/>Magdalena Kossakowska<\/p>\t\t\t\t\t\t\t\t<\/div>\n\t\t\t\t<\/div>\n\t\t\t\t\t<\/div>\n\t\t\t\t<\/div>\n\t\t\t\t<\/div>\n\t\t","protected":false},"excerpt":{"rendered":"<p>FUNDACJA HARMONIA Sztuka edukuje, inspiruje, \u0142\u0105czy. Do\u0142\u0105cz do nas i tw\u00f3rz przysz\u0142o\u015b\u0107! Szanowni Pa\u0144stwo, Muzyka jest uniwersalnym j\u0119zykiem, kt\u00f3ry \u0142\u0105czy pokolenia, budzi emocje i wzmacnia poczucie wsp\u00f3lnoty. Stanowi narz\u0119dzie wyra\u017cania siebie, inspiracji dla innych oraz piel\u0119gnowania naszego dziedzictwa kulturowego. Z tego w\u0142a\u015bnie powodu Fundacja Muzyczna Harmonia im. Gra\u017cyny Bacewicz z zaanga\u017cowaniem wspiera m\u0142ode talenty oraz [&hellip;]<\/p>\n","protected":false},"author":3,"featured_media":0,"parent":0,"menu_order":0,"comment_status":"closed","ping_status":"closed","template":"elementor_canvas","meta":{"footnotes":""},"folder":[9],"class_list":["post-860","page","type-page","status-publish","hentry"],"_links":{"self":[{"href":"http:\/\/fundacja-harmonia.pl\/index.php?rest_route=\/wp\/v2\/pages\/860","targetHints":{"allow":["GET"]}}],"collection":[{"href":"http:\/\/fundacja-harmonia.pl\/index.php?rest_route=\/wp\/v2\/pages"}],"about":[{"href":"http:\/\/fundacja-harmonia.pl\/index.php?rest_route=\/wp\/v2\/types\/page"}],"author":[{"embeddable":true,"href":"http:\/\/fundacja-harmonia.pl\/index.php?rest_route=\/wp\/v2\/users\/3"}],"replies":[{"embeddable":true,"href":"http:\/\/fundacja-harmonia.pl\/index.php?rest_route=%2Fwp%2Fv2%2Fcomments&post=860"}],"version-history":[{"count":40,"href":"http:\/\/fundacja-harmonia.pl\/index.php?rest_route=\/wp\/v2\/pages\/860\/revisions"}],"predecessor-version":[{"id":1534,"href":"http:\/\/fundacja-harmonia.pl\/index.php?rest_route=\/wp\/v2\/pages\/860\/revisions\/1534"}],"wp:attachment":[{"href":"http:\/\/fundacja-harmonia.pl\/index.php?rest_route=%2Fwp%2Fv2%2Fmedia&parent=860"}],"wp:term":[{"taxonomy":"folder","embeddable":true,"href":"http:\/\/fundacja-harmonia.pl\/index.php?rest_route=%2Fwp%2Fv2%2Ffolder&post=860"}],"curies":[{"name":"wp","href":"https:\/\/api.w.org\/{rel}","templated":true}]}}